{"id":2910,"date":"2016-01-19T17:51:28","date_gmt":"2016-01-19T17:51:28","guid":{"rendered":"http:\/\/nantes-maxillo.com\/?page_id=2910"},"modified":"2024-05-07T10:56:32","modified_gmt":"2024-05-07T08:56:32","slug":"generalites-sur-la-chirurgie-orthognathique","status":"publish","type":"page","link":"https:\/\/nantes-maxillo.com\/preprod\/generalites-sur-la-chirurgie-orthognathique\/","title":{"rendered":"G\u00e9n\u00e9ralit\u00e9s sur la chirurgie orthognathique ?"},"content":{"rendered":"\t\t<div data-elementor-type=\"wp-page\" data-elementor-id=\"2910\" class=\"elementor elementor-2910\">\n\t\t\t\t\t\t<section class=\"elementor-section elementor-top-section elementor-element elementor-element-1f056eb elementor-section-stretched elementor-section-boxed elementor-section-height-default elementor-section-height-default\" data-id=\"1f056eb\" data-element_type=\"section\" data-settings=\"{&quot;stretch_section&quot;:&quot;section-stretched&quot;}\">\n\t\t\t\t\t\t<div class=\"elementor-container elementor-column-gap-default\">\n\t\t\t\t\t<div class=\"elementor-column elementor-col-100 elementor-top-column elementor-element elementor-element-79dcd64\" data-id=\"79dcd64\" data-element_type=\"column\">\n\t\t\t<div class=\"elementor-widget-wrap elementor-element-populated\">\n\t\t\t\t\t\t<section class=\"elementor-section elementor-inner-section elementor-element elementor-element-440e7b2 elementor-section-boxed elementor-section-height-default elementor-section-height-default\" data-id=\"440e7b2\" data-element_type=\"section\">\n\t\t\t\t\t\t<div class=\"elementor-container elementor-column-gap-default\">\n\t\t\t\t\t<div class=\"elementor-column elementor-col-50 elementor-inner-column elementor-element elementor-element-65554f6\" data-id=\"65554f6\" data-element_type=\"column\">\n\t\t\t<div class=\"elementor-widget-wrap elementor-element-populated\">\n\t\t\t\t\t\t<div class=\"elementor-element elementor-element-2fd880d elementor-widget elementor-widget-text-editor\" data-id=\"2fd880d\" data-element_type=\"widget\" data-widget_type=\"text-editor.default\">\n\t\t\t\t<div class=\"elementor-widget-container\">\n\t\t\t<style>\/*! elementor - v3.21.0 - 30-04-2024 *\/\n.elementor-widget-text-editor.elementor-drop-cap-view-stacked .elementor-drop-cap{background-color:#69727d;color:#fff}.elementor-widget-text-editor.elementor-drop-cap-view-framed .elementor-drop-cap{color:#69727d;border:3px solid;background-color:transparent}.elementor-widget-text-editor:not(.elementor-drop-cap-view-default) .elementor-drop-cap{margin-top:8px}.elementor-widget-text-editor:not(.elementor-drop-cap-view-default) .elementor-drop-cap-letter{width:1em;height:1em}.elementor-widget-text-editor .elementor-drop-cap{float:left;text-align:center;line-height:1;font-size:50px}.elementor-widget-text-editor .elementor-drop-cap-letter{display:inline-block}<\/style>\t\t\t\t<p>La chirurgie orthognathique (\u00ab\u00a0ortho\u00a0\u00bb droit \u00ab\u00a0gnathique\u00a0\u00bb m\u00e2choire) est une\u00a0chirurgie visant \u00e0 corriger un d\u00e9calage des m\u00e2choires. Elle est n\u00e9cessaire lorsque la croissance squelettique du visage s\u2019est faite de fa\u00e7on non \u00e9quilibr\u00e9e, compromettant la stabilit\u00e9 d\u2019un traitement orthodontique.<br \/>Un visage s\u2019\u00e9quilibre selon des r\u00e8gles qui ont souvent \u00e9volu\u00e9es, mais peuvent se r\u00e9sumer selon ce sch\u00e9ma ci-dessous. On peut ainsi estimer la position du menton, de la m\u00e2choire du haut (maxillaire), et de la m\u00e2choire du bas (mandibule).<\/p>\t\t\t\t\t\t<\/div>\n\t\t\t\t<\/div>\n\t\t\t\t<div class=\"elementor-element elementor-element-bc89da1 elementor-widget elementor-widget-image\" data-id=\"bc89da1\" data-element_type=\"widget\" data-widget_type=\"image.default\">\n\t\t\t\t<div class=\"elementor-widget-container\">\n\t\t\t<style>\/*! elementor - v3.21.0 - 30-04-2024 *\/\n.elementor-widget-image{text-align:center}.elementor-widget-image a{display:inline-block}.elementor-widget-image a img[src$=\".svg\"]{width:48px}.elementor-widget-image img{vertical-align:middle;display:inline-block}<\/style>\t\t\t\t\t\t\t<figure class=\"wp-caption\">\n\t\t\t\t\t\t\t\t\t\t<img fetchpriority=\"high\" decoding=\"async\" width=\"248\" height=\"301\" src=\"https:\/\/nantes-maxillo.com\/preprod\/wp-content\/uploads\/2016\/01\/oprofilorthof.gif\" class=\"attachment-large size-large wp-image-2911\" alt=\"chirurgie orthognathique\" \/>\t\t\t\t\t\t\t\t\t\t\t<figcaption class=\"widget-image-caption wp-caption-text\">R\u00e8gle des trois tiers de l'\u00e9quilibre d'un visage<\/figcaption>\n\t\t\t\t\t\t\t\t\t\t<\/figure>\n\t\t\t\t\t\t\t<\/div>\n\t\t\t\t<\/div>\n\t\t\t\t<div class=\"elementor-element elementor-element-9b25bda elementor-widget elementor-widget-text-editor\" data-id=\"9b25bda\" data-element_type=\"widget\" data-widget_type=\"text-editor.default\">\n\t\t\t\t<div class=\"elementor-widget-container\">\n\t\t\t\t\t\t\t<p>La position des dents et des m\u00e2choires influent sur la position des l\u00e8vres et du menton. Ainsi, un d\u00e9calage dentaire ou osseux modifie le profil et l\u2019harmonie du visage.<\/p>\t\t\t\t\t\t<\/div>\n\t\t\t\t<\/div>\n\t\t\t\t<div class=\"elementor-element elementor-element-0f76914 elementor-widget elementor-widget-image\" data-id=\"0f76914\" data-element_type=\"widget\" data-widget_type=\"image.default\">\n\t\t\t\t<div class=\"elementor-widget-container\">\n\t\t\t\t\t\t\t\t\t\t\t\t\t<img decoding=\"async\" width=\"390\" height=\"181\" src=\"https:\/\/nantes-maxillo.com\/preprod\/wp-content\/uploads\/2016\/01\/oocclusion2.jpg\" class=\"attachment-large size-large wp-image-2915\" alt=\"\" srcset=\"https:\/\/nantes-maxillo.com\/preprod\/wp-content\/uploads\/2016\/01\/oocclusion2.jpg 390w, https:\/\/nantes-maxillo.com\/preprod\/wp-content\/uploads\/2016\/01\/oocclusion2-300x139.jpg 300w\" sizes=\"(max-width: 390px) 100vw, 390px\" \/>\t\t\t\t\t\t\t\t\t\t\t\t\t<\/div>\n\t\t\t\t<\/div>\n\t\t\t\t<div class=\"elementor-element elementor-element-5add77b elementor-widget elementor-widget-text-editor\" data-id=\"5add77b\" data-element_type=\"widget\" data-widget_type=\"text-editor.default\">\n\t\t\t\t<div class=\"elementor-widget-container\">\n\t\t\t\t\t\t\t<p>L\u2019\u00e9tude du dossier permet de d\u00e9cider s\u2019il faut r\u00e9aliser la chirurgie sur le maxillaire, la mandibule ou le menton. Parfois, il est n\u00e9cessaire de faire la chirurgie sur les trois en m\u00eame temps.<\/p>\t\t\t\t\t\t<\/div>\n\t\t\t\t<\/div>\n\t\t\t\t\t<\/div>\n\t\t<\/div>\n\t\t\t\t<div class=\"elementor-column elementor-col-50 elementor-inner-column elementor-element elementor-element-f04dd6f\" data-id=\"f04dd6f\" data-element_type=\"column\">\n\t\t\t<div class=\"elementor-widget-wrap elementor-element-populated\">\n\t\t\t\t\t\t<div class=\"elementor-element elementor-element-5f98580 elementor-widget elementor-widget-text-editor\" data-id=\"5f98580\" data-element_type=\"widget\" data-widget_type=\"text-editor.default\">\n\t\t\t\t<div class=\"elementor-widget-container\">\n\t\t\t\t\t\t\t<p><span style=\"color: #ffffff;\">Un peu de vocabulaire:<\/span><\/p><ul><li><span style=\"color: #ffffff;\"><strong>Orthognatie<\/strong>: Ortho=droit, gnathe=m\u00e2choire : fait r\u00e9f\u00e9rence \u00e0 l\u2019alignement des m\u00e2choires<\/span><\/li><li><span style=\"color: #ffffff;\"><strong>Dysmorphose<\/strong>: (Morph\u00ea=forme, \u00f4sis=maladies non inflammatoires et\/ou des \u00e9tats chroniques) : \u00e0 la diff\u00e9rence d\u2019une malformation, la dysmorphose apparait avec la croissance et n\u2019\u00e9tait pas pr\u00e9sente dans l\u2019enfance.<\/span><\/li><li><span style=\"color: #ffffff;\"><strong>Prognathe<\/strong>: litt\u00e9ralement : \u00abm\u00e2choire trop en avant\u00bb, se dit habituellement lorsque la mandibule semble trop grande; soit par r\u00e9tro-maxillie, soit par pro-mandibulie.<\/span><\/li><\/ul><ul><li><span style=\"color: #ffffff;\"><strong>Maxillaire<\/strong>: m\u00e2choire du haut (autrefois appel\u00e9e os maxillaire sup\u00e9rieur)<\/span><\/li><li><span style=\"color: #ffffff;\"><strong>Mandibule<\/strong>: m\u00e2choire du bas (autrefois appel\u00e9e os maxillaire inf\u00e9rieur)<\/span><\/li><li><span style=\"color: #ffffff;\"><strong>Pro-maxillie<\/strong>\u00a0: maxillaire situ\u00e9 trop en avant par rapport \u00e0 sa position \u00ab\u00a0id\u00e9ale\u00a0\u00bb.<\/span><\/li><li><span style=\"color: #ffffff;\"><strong>R\u00e9tro-maxillie<\/strong>\u00a0: maxillaire situ\u00e9 trop en arri\u00e8re par rapport \u00e0 sa position \u00ab\u00a0id\u00e9ale\u00a0\u00bb.<\/span><\/li><li><span style=\"color: #ffffff;\"><strong>Pro-mandibulie<\/strong>\u00a0: mandibule situ\u00e9e trop en avant par rapport \u00e0 sa position \u00ab\u00a0id\u00e9ale\u00a0\u00bb.<\/span><\/li><li><span style=\"color: #ffffff;\"><strong>R\u00e9tro-mandibulie<\/strong>\u00a0: mandibule situ\u00e9e trop en arri\u00e8re par rapport \u00e0 sa position \u00ab\u00a0id\u00e9ale\u00a0\u00bb.<\/span><\/li><li><span style=\"color: #ffffff;\"><strong>Exc\u00e8s vertical ant\u00e9rieur d\u2019origine maxillaire<\/strong>: le maxillaire est situ\u00e9 trop bas par rapport \u00e0 sa position id\u00e9ale. L\u2019\u00e9tage inf\u00e9rieur de la face est trop haut.<\/span><\/li><li><span style=\"color: #ffffff;\"><strong>Exc\u00e8s vertical d\u2019origine symphysaire<\/strong>\u00a0: l\u2019\u00e9tage inf\u00e9rieur de la face est trop haut par exc\u00e8s de symphyse, pour simplifier, le menton osseux est trop haut.<\/span><\/li><\/ul>\t\t\t\t\t\t<\/div>\n\t\t\t\t<\/div>\n\t\t\t\t\t<\/div>\n\t\t<\/div>\n\t\t\t\t\t<\/div>\n\t\t<\/section>\n\t\t\t\t<div class=\"elementor-element elementor-element-7b48080 elementor-widget-divider--view-line_text elementor-widget-divider--element-align-center elementor-widget elementor-widget-divider\" data-id=\"7b48080\" data-element_type=\"widget\" data-widget_type=\"divider.default\">\n\t\t\t\t<div class=\"elementor-widget-container\">\n\t\t\t<style>\/*! elementor - v3.21.0 - 30-04-2024 *\/\n.elementor-widget-divider{--divider-border-style:none;--divider-border-width:1px;--divider-color:#0c0d0e;--divider-icon-size:20px;--divider-element-spacing:10px;--divider-pattern-height:24px;--divider-pattern-size:20px;--divider-pattern-url:none;--divider-pattern-repeat:repeat-x}.elementor-widget-divider .elementor-divider{display:flex}.elementor-widget-divider .elementor-divider__text{font-size:15px;line-height:1;max-width:95%}.elementor-widget-divider .elementor-divider__element{margin:0 var(--divider-element-spacing);flex-shrink:0}.elementor-widget-divider .elementor-icon{font-size:var(--divider-icon-size)}.elementor-widget-divider .elementor-divider-separator{display:flex;margin:0;direction:ltr}.elementor-widget-divider--view-line_icon .elementor-divider-separator,.elementor-widget-divider--view-line_text .elementor-divider-separator{align-items:center}.elementor-widget-divider--view-line_icon .elementor-divider-separator:after,.elementor-widget-divider--view-line_icon .elementor-divider-separator:before,.elementor-widget-divider--view-line_text .elementor-divider-separator:after,.elementor-widget-divider--view-line_text .elementor-divider-separator:before{display:block;content:\"\";border-block-end:0;flex-grow:1;border-block-start:var(--divider-border-width) var(--divider-border-style) var(--divider-color)}.elementor-widget-divider--element-align-left .elementor-divider .elementor-divider-separator>.elementor-divider__svg:first-of-type{flex-grow:0;flex-shrink:100}.elementor-widget-divider--element-align-left .elementor-divider-separator:before{content:none}.elementor-widget-divider--element-align-left .elementor-divider__element{margin-left:0}.elementor-widget-divider--element-align-right .elementor-divider .elementor-divider-separator>.elementor-divider__svg:last-of-type{flex-grow:0;flex-shrink:100}.elementor-widget-divider--element-align-right .elementor-divider-separator:after{content:none}.elementor-widget-divider--element-align-right .elementor-divider__element{margin-right:0}.elementor-widget-divider--element-align-start .elementor-divider .elementor-divider-separator>.elementor-divider__svg:first-of-type{flex-grow:0;flex-shrink:100}.elementor-widget-divider--element-align-start .elementor-divider-separator:before{content:none}.elementor-widget-divider--element-align-start .elementor-divider__element{margin-inline-start:0}.elementor-widget-divider--element-align-end .elementor-divider .elementor-divider-separator>.elementor-divider__svg:last-of-type{flex-grow:0;flex-shrink:100}.elementor-widget-divider--element-align-end .elementor-divider-separator:after{content:none}.elementor-widget-divider--element-align-end .elementor-divider__element{margin-inline-end:0}.elementor-widget-divider:not(.elementor-widget-divider--view-line_text):not(.elementor-widget-divider--view-line_icon) .elementor-divider-separator{border-block-start:var(--divider-border-width) var(--divider-border-style) var(--divider-color)}.elementor-widget-divider--separator-type-pattern{--divider-border-style:none}.elementor-widget-divider--separator-type-pattern.elementor-widget-divider--view-line .elementor-divider-separator,.elementor-widget-divider--separator-type-pattern:not(.elementor-widget-divider--view-line) .elementor-divider-separator:after,.elementor-widget-divider--separator-type-pattern:not(.elementor-widget-divider--view-line) .elementor-divider-separator:before,.elementor-widget-divider--separator-type-pattern:not([class*=elementor-widget-divider--view]) .elementor-divider-separator{width:100%;min-height:var(--divider-pattern-height);-webkit-mask-size:var(--divider-pattern-size) 100%;mask-size:var(--divider-pattern-size) 100%;-webkit-mask-repeat:var(--divider-pattern-repeat);mask-repeat:var(--divider-pattern-repeat);background-color:var(--divider-color);-webkit-mask-image:var(--divider-pattern-url);mask-image:var(--divider-pattern-url)}.elementor-widget-divider--no-spacing{--divider-pattern-size:auto}.elementor-widget-divider--bg-round{--divider-pattern-repeat:round}.rtl .elementor-widget-divider .elementor-divider__text{direction:rtl}.e-con-inner>.elementor-widget-divider,.e-con>.elementor-widget-divider{width:var(--container-widget-width,100%);--flex-grow:var(--container-widget-flex-grow)}<\/style>\t\t<div class=\"elementor-divider\">\n\t\t\t<span class=\"elementor-divider-separator\">\n\t\t\t\t\t\t\t<span class=\"elementor-divider__text elementor-divider__element\">\n\t\t\t\tLa c\u00e9phalom\u00e9trie en chirurgie orthognathique\t\t\t\t<\/span>\n\t\t\t\t\t\t<\/span>\n\t\t<\/div>\n\t\t\t\t<\/div>\n\t\t\t\t<\/div>\n\t\t\t\t<section class=\"elementor-section elementor-inner-section elementor-element elementor-element-ca68e09 elementor-section-boxed elementor-section-height-default elementor-section-height-default\" data-id=\"ca68e09\" data-element_type=\"section\">\n\t\t\t\t\t\t<div class=\"elementor-container elementor-column-gap-default\">\n\t\t\t\t\t<div class=\"elementor-column elementor-col-50 elementor-inner-column elementor-element elementor-element-2d5b2dd\" data-id=\"2d5b2dd\" data-element_type=\"column\">\n\t\t\t<div class=\"elementor-widget-wrap elementor-element-populated\">\n\t\t\t\t\t\t<div class=\"elementor-element elementor-element-fdfff29 elementor-widget elementor-widget-text-editor\" data-id=\"fdfff29\" data-element_type=\"widget\" data-widget_type=\"text-editor.default\">\n\t\t\t\t<div class=\"elementor-widget-container\">\n\t\t\t\t\t\t\t<p>L\u2019\u00e9tude se fait sur les photographies, les radiographies, le scanner tri-dimensionnel et la c\u00e9phalom\u00e9trie.<\/p><p>L\u2019<strong>analyse c\u00e9phalom\u00e9trique<\/strong>\u00a0est r\u00e9alis\u00e9e par l\u2019orthodontiste et le chirurgien, et permet d\u2019analyser la croissance du visage en fonction des pr\u00e9dispositions cr\u00e2niennes. Il en existe plusieurs, celle-ci est celle du professeur Delaire, fondateur de l\u2019\u00e9cole nantaise de chirurgie maxillo-faciale.<\/p>\t\t\t\t\t\t<\/div>\n\t\t\t\t<\/div>\n\t\t\t\t\t<\/div>\n\t\t<\/div>\n\t\t\t\t<div class=\"elementor-column elementor-col-50 elementor-inner-column elementor-element elementor-element-5ff79a8\" data-id=\"5ff79a8\" data-element_type=\"column\">\n\t\t\t<div class=\"elementor-widget-wrap elementor-element-populated\">\n\t\t\t\t\t\t<div class=\"elementor-element elementor-element-33283fc elementor-widget elementor-widget-image\" data-id=\"33283fc\" data-element_type=\"widget\" data-widget_type=\"image.default\">\n\t\t\t\t<div class=\"elementor-widget-container\">\n\t\t\t\t\t\t\t\t\t\t\t\t\t<img decoding=\"async\" width=\"322\" height=\"398\" src=\"https:\/\/nantes-maxillo.com\/preprod\/wp-content\/uploads\/2016\/01\/ocephalo.jpg\" class=\"attachment-large size-large wp-image-2916\" alt=\"\" srcset=\"https:\/\/nantes-maxillo.com\/preprod\/wp-content\/uploads\/2016\/01\/ocephalo.jpg 322w, https:\/\/nantes-maxillo.com\/preprod\/wp-content\/uploads\/2016\/01\/ocephalo-243x300.jpg 243w\" sizes=\"(max-width: 322px) 100vw, 322px\" \/>\t\t\t\t\t\t\t\t\t\t\t\t\t<\/div>\n\t\t\t\t<\/div>\n\t\t\t\t\t<\/div>\n\t\t<\/div>\n\t\t\t\t\t<\/div>\n\t\t<\/section>\n\t\t\t\t<div class=\"elementor-element elementor-element-541e29b elementor-widget-divider--view-line_text elementor-widget-divider--element-align-center elementor-widget elementor-widget-divider\" data-id=\"541e29b\" data-element_type=\"widget\" data-widget_type=\"divider.default\">\n\t\t\t\t<div class=\"elementor-widget-container\">\n\t\t\t\t\t<div class=\"elementor-divider\">\n\t\t\t<span class=\"elementor-divider-separator\">\n\t\t\t\t\t\t\t<span class=\"elementor-divider__text elementor-divider__element\">\n\t\t\t\tLe rapport entre les arcades dentaires en chirurgie orthognathique\t\t\t\t<\/span>\n\t\t\t\t\t\t<\/span>\n\t\t<\/div>\n\t\t\t\t<\/div>\n\t\t\t\t<\/div>\n\t\t\t\t\t<\/div>\n\t\t<\/div>\n\t\t\t\t\t<\/div>\n\t\t<\/section>\n\t\t\t\t<section class=\"elementor-section elementor-top-section elementor-element elementor-element-4677054 elementor-section-stretched elementor-section-boxed elementor-section-height-default elementor-section-height-default\" data-id=\"4677054\" data-element_type=\"section\" data-settings=\"{&quot;stretch_section&quot;:&quot;section-stretched&quot;}\">\n\t\t\t\t\t\t<div class=\"elementor-container elementor-column-gap-default\">\n\t\t\t\t\t<div class=\"elementor-column elementor-col-33 elementor-top-column elementor-element elementor-element-d0ab753\" data-id=\"d0ab753\" data-element_type=\"column\">\n\t\t\t<div class=\"elementor-widget-wrap elementor-element-populated\">\n\t\t\t\t\t\t<div class=\"elementor-element elementor-element-29aa151 elementor-widget elementor-widget-image\" data-id=\"29aa151\" data-element_type=\"widget\" data-widget_type=\"image.default\">\n\t\t\t\t<div class=\"elementor-widget-container\">\n\t\t\t\t\t\t\t\t\t\t<figure class=\"wp-caption\">\n\t\t\t\t\t\t\t\t\t\t<img loading=\"lazy\" decoding=\"async\" width=\"428\" height=\"192\" src=\"https:\/\/nantes-maxillo.com\/preprod\/wp-content\/uploads\/2016\/01\/classei.png\" class=\"attachment-large size-large wp-image-2918\" alt=\"chirurgie orthognathique\" srcset=\"https:\/\/nantes-maxillo.com\/preprod\/wp-content\/uploads\/2016\/01\/classei.png 428w, https:\/\/nantes-maxillo.com\/preprod\/wp-content\/uploads\/2016\/01\/classei-300x135.png 300w\" sizes=\"(max-width: 428px) 100vw, 428px\" \/>\t\t\t\t\t\t\t\t\t\t\t<figcaption class=\"widget-image-caption wp-caption-text\">Classe I : rapport normal entre l\u2019arcade du haut et du bas<\/figcaption>\n\t\t\t\t\t\t\t\t\t\t<\/figure>\n\t\t\t\t\t\t\t<\/div>\n\t\t\t\t<\/div>\n\t\t\t\t\t<\/div>\n\t\t<\/div>\n\t\t\t\t<div class=\"elementor-column elementor-col-33 elementor-top-column elementor-element elementor-element-bfa0a3c\" data-id=\"bfa0a3c\" data-element_type=\"column\">\n\t\t\t<div class=\"elementor-widget-wrap elementor-element-populated\">\n\t\t\t\t\t\t<div class=\"elementor-element elementor-element-a324dbe elementor-widget elementor-widget-image\" data-id=\"a324dbe\" data-element_type=\"widget\" data-widget_type=\"image.default\">\n\t\t\t\t<div class=\"elementor-widget-container\">\n\t\t\t\t\t\t\t\t\t\t<figure class=\"wp-caption\">\n\t\t\t\t\t\t\t\t\t\t<img loading=\"lazy\" decoding=\"async\" width=\"428\" height=\"193\" src=\"https:\/\/nantes-maxillo.com\/preprod\/wp-content\/uploads\/2016\/01\/classeii.png\" class=\"attachment-large size-large wp-image-2919\" alt=\"chirurgie orthognathique\" srcset=\"https:\/\/nantes-maxillo.com\/preprod\/wp-content\/uploads\/2016\/01\/classeii.png 428w, https:\/\/nantes-maxillo.com\/preprod\/wp-content\/uploads\/2016\/01\/classeii-300x135.png 300w\" sizes=\"(max-width: 428px) 100vw, 428px\" \/>\t\t\t\t\t\t\t\t\t\t\t<figcaption class=\"widget-image-caption wp-caption-text\">Classe II : d\u00e9calage dentaire entrainant un recul de la mandibule par rapport au maxillaire (ou inversement une avanc\u00e9e trop importante du maxillaire par rapport \u00e0 la mandibule)<\/figcaption>\n\t\t\t\t\t\t\t\t\t\t<\/figure>\n\t\t\t\t\t\t\t<\/div>\n\t\t\t\t<\/div>\n\t\t\t\t\t<\/div>\n\t\t<\/div>\n\t\t\t\t<div class=\"elementor-column elementor-col-33 elementor-top-column elementor-element elementor-element-18b5a98\" data-id=\"18b5a98\" data-element_type=\"column\">\n\t\t\t<div class=\"elementor-widget-wrap elementor-element-populated\">\n\t\t\t\t\t\t<div class=\"elementor-element elementor-element-e27da14 elementor-widget elementor-widget-image\" data-id=\"e27da14\" data-element_type=\"widget\" data-widget_type=\"image.default\">\n\t\t\t\t<div class=\"elementor-widget-container\">\n\t\t\t\t\t\t\t\t\t\t<figure class=\"wp-caption\">\n\t\t\t\t\t\t\t\t\t\t<img loading=\"lazy\" decoding=\"async\" width=\"428\" height=\"198\" src=\"https:\/\/nantes-maxillo.com\/preprod\/wp-content\/uploads\/2016\/01\/classeiii.png\" class=\"attachment-large size-large wp-image-2920\" alt=\"chirurgie orthognathique\" srcset=\"https:\/\/nantes-maxillo.com\/preprod\/wp-content\/uploads\/2016\/01\/classeiii.png 428w, https:\/\/nantes-maxillo.com\/preprod\/wp-content\/uploads\/2016\/01\/classeiii-300x139.png 300w\" sizes=\"(max-width: 428px) 100vw, 428px\" \/>\t\t\t\t\t\t\t\t\t\t\t<figcaption class=\"widget-image-caption wp-caption-text\">Classe III : inverse de la classe II. La machoire du bas est trop en avant.<\/figcaption>\n\t\t\t\t\t\t\t\t\t\t<\/figure>\n\t\t\t\t\t\t\t<\/div>\n\t\t\t\t<\/div>\n\t\t\t\t\t<\/div>\n\t\t<\/div>\n\t\t\t\t\t<\/div>\n\t\t<\/section>\n\t\t\t\t<section class=\"elementor-section elementor-top-section elementor-element elementor-element-efc12ee elementor-section-stretched elementor-section-boxed elementor-section-height-default elementor-section-height-default\" data-id=\"efc12ee\" data-element_type=\"section\" data-settings=\"{&quot;stretch_section&quot;:&quot;section-stretched&quot;}\">\n\t\t\t\t\t\t<div class=\"elementor-container elementor-column-gap-default\">\n\t\t\t\t\t<div class=\"elementor-column elementor-col-100 elementor-top-column elementor-element elementor-element-e1a97b1\" data-id=\"e1a97b1\" data-element_type=\"column\">\n\t\t\t<div class=\"elementor-widget-wrap elementor-element-populated\">\n\t\t\t\t\t\t<div class=\"elementor-element elementor-element-63bc915 elementor-widget-divider--view-line_text elementor-widget-divider--element-align-center elementor-widget elementor-widget-divider\" data-id=\"63bc915\" data-element_type=\"widget\" data-widget_type=\"divider.default\">\n\t\t\t\t<div class=\"elementor-widget-container\">\n\t\t\t\t\t<div class=\"elementor-divider\">\n\t\t\t<span class=\"elementor-divider-separator\">\n\t\t\t\t\t\t\t<span class=\"elementor-divider__text elementor-divider__element\">\n\t\t\t\tQuestions \/ R\u00e9ponses\t\t\t\t<\/span>\n\t\t\t\t\t\t<\/span>\n\t\t<\/div>\n\t\t\t\t<\/div>\n\t\t\t\t<\/div>\n\t\t\t\t<div class=\"elementor-element elementor-element-ed5da5f elementor-widget elementor-widget-accordion\" data-id=\"ed5da5f\" data-element_type=\"widget\" data-widget_type=\"accordion.default\">\n\t\t\t\t<div class=\"elementor-widget-container\">\n\t\t\t<style>.elementor-accordion{text-align:start}.elementor-accordion .elementor-accordion-item{border:1px solid #d5d8dc}.elementor-accordion .elementor-accordion-item+.elementor-accordion-item{border-top:none}.elementor-accordion .elementor-tab-title{margin:0;padding:15px 20px;font-weight:700;line-height:1;cursor:pointer;outline:none}.elementor-accordion .elementor-tab-title .elementor-accordion-icon{display:inline-block;width:1.5em}.elementor-accordion .elementor-tab-title .elementor-accordion-icon svg{width:1em;height:1em}.elementor-accordion .elementor-tab-title .elementor-accordion-icon.elementor-accordion-icon-right{float:right;text-align:right}.elementor-accordion .elementor-tab-title .elementor-accordion-icon.elementor-accordion-icon-left{float:left;text-align:left}.elementor-accordion .elementor-tab-title .elementor-accordion-icon .elementor-accordion-icon-closed{display:block}.elementor-accordion .elementor-tab-title .elementor-accordion-icon .elementor-accordion-icon-opened,.elementor-accordion .elementor-tab-title.elementor-active .elementor-accordion-icon-closed{display:none}.elementor-accordion .elementor-tab-title.elementor-active .elementor-accordion-icon-opened{display:block}.elementor-accordion .elementor-tab-content{display:none;padding:15px 20px;border-top:1px solid #d5d8dc}@media (max-width:767px){.elementor-accordion .elementor-tab-title{padding:12px 15px}.elementor-accordion .elementor-tab-title .elementor-accordion-icon{width:1.2em}.elementor-accordion .elementor-tab-content{padding:7px 15px}}.e-con-inner>.elementor-widget-accordion,.e-con>.elementor-widget-accordion{width:var(--container-widget-width);--flex-grow:var(--container-widget-flex-grow)}<\/style>\t\t<div class=\"elementor-accordion\">\n\t\t\t\t\t\t\t<div class=\"elementor-accordion-item\">\n\t\t\t\t\t<div id=\"elementor-tab-title-2481\" class=\"elementor-tab-title\" data-tab=\"1\" role=\"button\" aria-controls=\"elementor-tab-content-2481\" aria-expanded=\"false\">\n\t\t\t\t\t\t\t\t\t\t\t\t\t<span class=\"elementor-accordion-icon elementor-accordion-icon-left\" aria-hidden=\"true\">\n\t\t\t\t\t\t\t\t\t\t\t\t\t\t\t<span class=\"elementor-accordion-icon-closed\"><svg class=\"e-font-icon-svg e-fas-caret-down\" viewBox=\"0 0 320 512\" xmlns=\"http:\/\/www.w3.org\/2000\/svg\"><path d=\"M31.3 192h257.3c17.8 0 26.7 21.5 14.1 34.1L174.1 354.8c-7.8 7.8-20.5 7.8-28.3 0L17.2 226.1C4.6 213.5 13.5 192 31.3 192z\"><\/path><\/svg><\/span>\n\t\t\t\t\t\t\t\t<span class=\"elementor-accordion-icon-opened\"><svg class=\"e-font-icon-svg e-fas-caret-up\" viewBox=\"0 0 320 512\" xmlns=\"http:\/\/www.w3.org\/2000\/svg\"><path d=\"M288.662 352H31.338c-17.818 0-26.741-21.543-14.142-34.142l128.662-128.662c7.81-7.81 20.474-7.81 28.284 0l128.662 128.662c12.6 12.599 3.676 34.142-14.142 34.142z\"><\/path><\/svg><\/span>\n\t\t\t\t\t\t\t\t\t\t\t\t\t\t<\/span>\n\t\t\t\t\t\t\t\t\t\t\t\t<a class=\"elementor-accordion-title\" tabindex=\"0\">Orthodontie et chirurgie orthognathique?<\/a>\n\t\t\t\t\t<\/div>\n\t\t\t\t\t<div id=\"elementor-tab-content-2481\" class=\"elementor-tab-content elementor-clearfix\" data-tab=\"1\" role=\"region\" aria-labelledby=\"elementor-tab-title-2481\"><p>L\u2019orthodontie aligne les dents. Chez l\u2019enfant, l\u2019orthop\u00e9die dento-faciale peut stimuler la croissance des os du visage. Dans certains cas, il faut pr\u00e9voir une op\u00e9ration en plus afin que les dents des deux arcades dentaires soient en concordance.<\/p><\/div>\n\t\t\t\t<\/div>\n\t\t\t\t\t\t\t<div class=\"elementor-accordion-item\">\n\t\t\t\t\t<div id=\"elementor-tab-title-2482\" class=\"elementor-tab-title\" data-tab=\"2\" role=\"button\" aria-controls=\"elementor-tab-content-2482\" aria-expanded=\"false\">\n\t\t\t\t\t\t\t\t\t\t\t\t\t<span class=\"elementor-accordion-icon elementor-accordion-icon-left\" aria-hidden=\"true\">\n\t\t\t\t\t\t\t\t\t\t\t\t\t\t\t<span class=\"elementor-accordion-icon-closed\"><svg class=\"e-font-icon-svg e-fas-caret-down\" viewBox=\"0 0 320 512\" xmlns=\"http:\/\/www.w3.org\/2000\/svg\"><path d=\"M31.3 192h257.3c17.8 0 26.7 21.5 14.1 34.1L174.1 354.8c-7.8 7.8-20.5 7.8-28.3 0L17.2 226.1C4.6 213.5 13.5 192 31.3 192z\"><\/path><\/svg><\/span>\n\t\t\t\t\t\t\t\t<span class=\"elementor-accordion-icon-opened\"><svg class=\"e-font-icon-svg e-fas-caret-up\" viewBox=\"0 0 320 512\" xmlns=\"http:\/\/www.w3.org\/2000\/svg\"><path d=\"M288.662 352H31.338c-17.818 0-26.741-21.543-14.142-34.142l128.662-128.662c7.81-7.81 20.474-7.81 28.284 0l128.662 128.662c12.6 12.599 3.676 34.142-14.142 34.142z\"><\/path><\/svg><\/span>\n\t\t\t\t\t\t\t\t\t\t\t\t\t\t<\/span>\n\t\t\t\t\t\t\t\t\t\t\t\t<a class=\"elementor-accordion-title\" tabindex=\"0\">A quel \u00e2ge r\u00e9aliser l\u2019op\u00e9ration?<\/a>\n\t\t\t\t\t<\/div>\n\t\t\t\t\t<div id=\"elementor-tab-content-2482\" class=\"elementor-tab-content elementor-clearfix\" data-tab=\"2\" role=\"region\" aria-labelledby=\"elementor-tab-title-2482\"><p>Il est habituel de r\u00e9aliser l\u2019intervention en fin de croissance.<br \/>Dans certains cas, on peut r\u00e9aliser l\u2019intervention avant la fin de la croissance :<\/p><ul><li>d\u00e9calage du menton entrainant une crispation de la l\u00e8vre ou des muscles du menton. L\u2019intervention permet alors de lib\u00e9rer les arcades dentaires des forces exerc\u00e9es par les muscles de la l\u00e8vre ou du menton.<\/li><li>les dysmorphoses de classe II (recul de la mandibule), car la mise en concordance des arcades dentaires va stimuler la croissance de la mandibule.<\/li><li>les probl\u00e8mes verticaux, pour la m\u00eame explication que pour le menton.<\/li><\/ul><\/div>\n\t\t\t\t<\/div>\n\t\t\t\t\t\t\t<div class=\"elementor-accordion-item\">\n\t\t\t\t\t<div id=\"elementor-tab-title-2483\" class=\"elementor-tab-title\" data-tab=\"3\" role=\"button\" aria-controls=\"elementor-tab-content-2483\" aria-expanded=\"false\">\n\t\t\t\t\t\t\t\t\t\t\t\t\t<span class=\"elementor-accordion-icon elementor-accordion-icon-left\" aria-hidden=\"true\">\n\t\t\t\t\t\t\t\t\t\t\t\t\t\t\t<span class=\"elementor-accordion-icon-closed\"><svg class=\"e-font-icon-svg e-fas-caret-down\" viewBox=\"0 0 320 512\" xmlns=\"http:\/\/www.w3.org\/2000\/svg\"><path d=\"M31.3 192h257.3c17.8 0 26.7 21.5 14.1 34.1L174.1 354.8c-7.8 7.8-20.5 7.8-28.3 0L17.2 226.1C4.6 213.5 13.5 192 31.3 192z\"><\/path><\/svg><\/span>\n\t\t\t\t\t\t\t\t<span class=\"elementor-accordion-icon-opened\"><svg class=\"e-font-icon-svg e-fas-caret-up\" viewBox=\"0 0 320 512\" xmlns=\"http:\/\/www.w3.org\/2000\/svg\"><path d=\"M288.662 352H31.338c-17.818 0-26.741-21.543-14.142-34.142l128.662-128.662c7.81-7.81 20.474-7.81 28.284 0l128.662 128.662c12.6 12.599 3.676 34.142-14.142 34.142z\"><\/path><\/svg><\/span>\n\t\t\t\t\t\t\t\t\t\t\t\t\t\t<\/span>\n\t\t\t\t\t\t\t\t\t\t\t\t<a class=\"elementor-accordion-title\" tabindex=\"0\">Pourquoi op\u00e9rer?<\/a>\n\t\t\t\t\t<\/div>\n\t\t\t\t\t<div id=\"elementor-tab-content-2483\" class=\"elementor-tab-content elementor-clearfix\" data-tab=\"3\" role=\"region\" aria-labelledby=\"elementor-tab-title-2483\"><p>L\u2019ost\u00e9otomie du maxillaire sup\u00e9rieur et\/ou inf\u00e9rieur (mandibule) a pour objectif de repositionner les arcades dentaires en cas de trouble de l\u2019occlusion dentaire.<\/p><p>Les anomalies de l\u2019occlusion dentaire ont des cons\u00e9quences \u00e0 court, moyen et long terme qu\u2019il faut conna\u00eetre car elles justifient l\u2019intervention chirurgicale.<\/p><p>En effet, cela peut entra\u00eener :<\/p><ul><li>des risques importants de d\u00e9chaussement des dents,<\/li><li>une pathologie des articulations des m\u00e2choires (temporo-mandibulaires) avec des douleurs, des craquements, des claquements, des contractures musculaires<\/li><li>une g\u00e8ne \u00e0 l\u2019alimentation ou \u00e0 l\u2019\u00e9locution<\/li><li>un retentissement esth\u00e9tique en cas d\u2019anomalie importante de position<\/li><li>une difficult\u00e9 voire une impossibilit\u00e9 de mise en place de proth\u00e8se dentaire (dentier).<\/li><\/ul><p>G\u00e9n\u00e9ralement, l\u2019ost\u00e9otomie est associ\u00e9e \u00e0 un traitement orthodontique r\u00e9alis\u00e9 avant et poursuivi apr\u00e8s l\u2019intervention (en g\u00e9n\u00e9ral 3 \u00e0 6 mois) en accord avec l\u2019orthodontiste.<\/p><\/div>\n\t\t\t\t<\/div>\n\t\t\t\t\t\t\t\t<\/div>\n\t\t\t\t<\/div>\n\t\t\t\t<\/div>\n\t\t\t\t<div class=\"elementor-element elementor-element-6de93b5 elementor-widget-divider--view-line_text elementor-widget-divider--element-align-center elementor-widget elementor-widget-divider\" data-id=\"6de93b5\" data-element_type=\"widget\" data-widget_type=\"divider.default\">\n\t\t\t\t<div class=\"elementor-widget-container\">\n\t\t\t\t\t<div class=\"elementor-divider\">\n\t\t\t<span class=\"elementor-divider-separator\">\n\t\t\t\t\t\t\t<span class=\"elementor-divider__text elementor-divider__element\">\n\t\t\t\tPour aller plus loin\t\t\t\t<\/span>\n\t\t\t\t\t\t<\/span>\n\t\t<\/div>\n\t\t\t\t<\/div>\n\t\t\t\t<\/div>\n\t\t\t\t\t<\/div>\n\t\t<\/div>\n\t\t\t\t\t<\/div>\n\t\t<\/section>\n\t\t\t\t<section class=\"elementor-section elementor-top-section elementor-element elementor-element-bb9bf07 elementor-section-stretched elementor-section-boxed elementor-section-height-default elementor-section-height-default\" data-id=\"bb9bf07\" data-element_type=\"section\" data-settings=\"{&quot;stretch_section&quot;:&quot;section-stretched&quot;}\">\n\t\t\t\t\t\t<div class=\"elementor-container elementor-column-gap-default\">\n\t\t\t\t\t<div class=\"elementor-column elementor-col-25 elementor-top-column elementor-element elementor-element-017d4ab\" data-id=\"017d4ab\" data-element_type=\"column\">\n\t\t\t<div class=\"elementor-widget-wrap elementor-element-populated\">\n\t\t\t\t\t\t<div class=\"elementor-element elementor-element-a0149ba elementor-widget elementor-widget-text-editor\" data-id=\"a0149ba\" data-element_type=\"widget\" data-widget_type=\"text-editor.default\">\n\t\t\t\t<div class=\"elementor-widget-container\">\n\t\t\t\t\t\t\t<h3 class=\"vc_custom_heading\" style=\"text-align: center;\"><a href=\"https:\/\/nantes-maxillo.com\/informations-patients\/osteotomie\">Qu&rsquo;est-ce qu&rsquo;une ost\u00e9otomie de la machoire?<\/a><\/h3><div class=\"wpb_text_column wpb_content_element  vc_custom_1479568271866\"><div class=\"wpb_wrapper\"><p style=\"text-align: center;\">Une ost\u00e9otomie de la m\u00e2choire a pour objectif d\u2019en modifier sa position, afin d\u2019am\u00e9liorer la fonction \u00a0et le profil. Il existe plusieurs types d\u2019ost\u00e9otomies<\/p><\/div><\/div>\t\t\t\t\t\t<\/div>\n\t\t\t\t<\/div>\n\t\t\t\t<div class=\"elementor-element elementor-element-544a738 elementor-widget elementor-widget-image\" data-id=\"544a738\" data-element_type=\"widget\" data-widget_type=\"image.default\">\n\t\t\t\t<div class=\"elementor-widget-container\">\n\t\t\t\t\t\t\t\t\t\t\t\t\t<img loading=\"lazy\" decoding=\"async\" width=\"150\" height=\"150\" src=\"https:\/\/nantes-maxillo.com\/preprod\/wp-content\/uploads\/2016\/01\/obwegeser-150x150.jpg\" class=\"attachment-thumbnail size-thumbnail wp-image-2925\" alt=\"obwegeser\" \/>\t\t\t\t\t\t\t\t\t\t\t\t\t<\/div>\n\t\t\t\t<\/div>\n\t\t\t\t\t<\/div>\n\t\t<\/div>\n\t\t\t\t<div class=\"elementor-column elementor-col-25 elementor-top-column elementor-element elementor-element-2dfcde8\" data-id=\"2dfcde8\" data-element_type=\"column\">\n\t\t\t<div class=\"elementor-widget-wrap elementor-element-populated\">\n\t\t\t\t\t\t<div class=\"elementor-element elementor-element-67eb8be elementor-widget elementor-widget-text-editor\" data-id=\"67eb8be\" data-element_type=\"widget\" data-widget_type=\"text-editor.default\">\n\t\t\t\t<div class=\"elementor-widget-container\">\n\t\t\t\t\t\t\t<h3 class=\"vc_custom_heading\" style=\"text-align: center;\"><a href=\"https:\/\/nantes-maxillo.com\/informations-patients\/quest-ce-que-losteotomie-courte-de-la-mandibule\">Qu&rsquo;est-ce que l&rsquo;ost\u00e9otomie haute de la mandibule?<\/a><\/h3><div class=\"wpb_text_column wpb_content_element  vc_custom_1479568286981\"><div class=\"wpb_wrapper\"><p style=\"text-align: center;\">Il existe 3 types d\u2019ost\u00e9otomies de la mandibule. La technique de l\u2019ost\u00e9otomie Haute pr\u00e9sente l\u2019avantage de se situer au dessus du nerf<\/p><\/div><\/div>\t\t\t\t\t\t<\/div>\n\t\t\t\t<\/div>\n\t\t\t\t<div class=\"elementor-element elementor-element-c66d8d1 elementor-widget elementor-widget-image\" data-id=\"c66d8d1\" data-element_type=\"widget\" data-widget_type=\"image.default\">\n\t\t\t\t<div class=\"elementor-widget-container\">\n\t\t\t\t\t\t\t\t\t\t\t\t\t<img loading=\"lazy\" decoding=\"async\" width=\"150\" height=\"150\" src=\"https:\/\/nantes-maxillo.com\/preprod\/wp-content\/uploads\/2016\/01\/osteotomie-haute-ou-courte-150x150.gif\" class=\"attachment-thumbnail size-thumbnail wp-image-2944\" alt=\"\" \/>\t\t\t\t\t\t\t\t\t\t\t\t\t<\/div>\n\t\t\t\t<\/div>\n\t\t\t\t\t<\/div>\n\t\t<\/div>\n\t\t\t\t<div class=\"elementor-column elementor-col-25 elementor-top-column elementor-element elementor-element-7fc8427\" data-id=\"7fc8427\" data-element_type=\"column\">\n\t\t\t<div class=\"elementor-widget-wrap elementor-element-populated\">\n\t\t\t\t\t\t<div class=\"elementor-element elementor-element-bcb45a3 elementor-widget elementor-widget-text-editor\" data-id=\"bcb45a3\" data-element_type=\"widget\" data-widget_type=\"text-editor.default\">\n\t\t\t\t<div class=\"elementor-widget-container\">\n\t\t\t\t\t\t\t<h3 class=\"vc_custom_heading vc_custom_1479568444935\" style=\"text-align: center;\"><a href=\"https:\/\/nantes-maxillo.com\/apres-une-osteotomie\">Quelles sont les suites apr\u00e8s une ost\u00e9otomie?<\/a><\/h3><div class=\"wpb_text_column wpb_content_element  vc_custom_1479568302925\"><div class=\"wpb_wrapper\"><p class=\"p1\" style=\"text-align: center;\">Les suites op\u00e9ratoires ne sont pas les m\u00eame en fonction de s\u2019il s\u2019agit d\u2019une chirurgie de\u00a0la m\u00e2choire du haut (maxillaire), ou de celle du bas (mandibule), ou du\u00a0menton<\/p><\/div><\/div>\t\t\t\t\t\t<\/div>\n\t\t\t\t<\/div>\n\t\t\t\t<div class=\"elementor-element elementor-element-ad752ad elementor-widget elementor-widget-image\" data-id=\"ad752ad\" data-element_type=\"widget\" data-widget_type=\"image.default\">\n\t\t\t\t<div class=\"elementor-widget-container\">\n\t\t\t\t\t\t\t\t\t\t\t\t\t<img loading=\"lazy\" decoding=\"async\" width=\"1024\" height=\"512\" src=\"https:\/\/nantes-maxillo.com\/preprod\/wp-content\/uploads\/2016\/01\/chirurgie-maxillo-faciale-a-nantes-1024x512.jpg\" class=\"attachment-large size-large wp-image-2781\" alt=\"Chirurgie Maxillo faciale \u00e0 Nantes\" srcset=\"https:\/\/nantes-maxillo.com\/preprod\/wp-content\/uploads\/2016\/01\/chirurgie-maxillo-faciale-a-nantes-1024x512.jpg 1024w, https:\/\/nantes-maxillo.com\/preprod\/wp-content\/uploads\/2016\/01\/chirurgie-maxillo-faciale-a-nantes-300x150.jpg 300w, https:\/\/nantes-maxillo.com\/preprod\/wp-content\/uploads\/2016\/01\/chirurgie-maxillo-faciale-a-nantes-768x384.jpg 768w, https:\/\/nantes-maxillo.com\/preprod\/wp-content\/uploads\/2016\/01\/chirurgie-maxillo-faciale-a-nantes-1536x768.jpg 1536w, https:\/\/nantes-maxillo.com\/preprod\/wp-content\/uploads\/2016\/01\/chirurgie-maxillo-faciale-a-nantes.jpg 2000w\" sizes=\"(max-width: 1024px) 100vw, 1024px\" \/>\t\t\t\t\t\t\t\t\t\t\t\t\t<\/div>\n\t\t\t\t<\/div>\n\t\t\t\t\t<\/div>\n\t\t<\/div>\n\t\t\t\t<div class=\"elementor-column elementor-col-25 elementor-top-column elementor-element elementor-element-198b430\" data-id=\"198b430\" data-element_type=\"column\">\n\t\t\t<div class=\"elementor-widget-wrap elementor-element-populated\">\n\t\t\t\t\t\t<div class=\"elementor-element elementor-element-7a845bb elementor-widget elementor-widget-text-editor\" data-id=\"7a845bb\" data-element_type=\"widget\" data-widget_type=\"text-editor.default\">\n\t\t\t\t<div class=\"elementor-widget-container\">\n\t\t\t\t\t\t\t<h3 class=\"vc_custom_heading\" style=\"text-align: center;\"><a href=\"https:\/\/nantes-maxillo.com\/comment-placer-les-elastiques\">Comment placer les \u00e9lastiques?<\/a><\/h3><div class=\"wpb_text_column wpb_content_element  vc_custom_1479568144985\"><div class=\"wpb_wrapper\"><p style=\"text-align: center;\">Les premiers jours, les \u00e9lastiques sont laiss\u00e9s en place, et l\u2019alimentation est liquide<br \/>D\u00e8s le deuxi\u00e8me jour, il faudra apprendre \u00e0 retirer les \u00e9lastiques<\/p><\/div><\/div>\t\t\t\t\t\t<\/div>\n\t\t\t\t<\/div>\n\t\t\t\t<div class=\"elementor-element elementor-element-e239d30 elementor-widget elementor-widget-image\" data-id=\"e239d30\" data-element_type=\"widget\" data-widget_type=\"image.default\">\n\t\t\t\t<div class=\"elementor-widget-container\">\n\t\t\t\t\t\t\t\t\t\t\t\t\t<img loading=\"lazy\" decoding=\"async\" width=\"300\" height=\"174\" src=\"https:\/\/nantes-maxillo.com\/preprod\/wp-content\/uploads\/2016\/01\/elastique3.jpg\" class=\"attachment-large size-large wp-image-2962\" alt=\"\" \/>\t\t\t\t\t\t\t\t\t\t\t\t\t<\/div>\n\t\t\t\t<\/div>\n\t\t\t\t\t<\/div>\n\t\t<\/div>\n\t\t\t\t\t<\/div>\n\t\t<\/section>\n\t\t\t\t<section class=\"elementor-section elementor-top-section elementor-element elementor-element-f413e9d elementor-section-stretched elementor-section-boxed elementor-section-height-default elementor-section-height-default\" data-id=\"f413e9d\" data-element_type=\"section\" data-settings=\"{&quot;stretch_section&quot;:&quot;section-stretched&quot;}\">\n\t\t\t\t\t\t<div class=\"elementor-container elementor-column-gap-default\">\n\t\t\t\t\t<div class=\"elementor-column elementor-col-25 elementor-top-column elementor-element elementor-element-f43d47a\" data-id=\"f43d47a\" data-element_type=\"column\">\n\t\t\t<div class=\"elementor-widget-wrap elementor-element-populated\">\n\t\t\t\t\t\t<div class=\"elementor-element elementor-element-5726c2a elementor-widget elementor-widget-text-editor\" data-id=\"5726c2a\" data-element_type=\"widget\" data-widget_type=\"text-editor.default\">\n\t\t\t\t<div class=\"elementor-widget-container\">\n\t\t\t\t\t\t\t<h3 class=\"vc_custom_heading\" style=\"text-align: center;\"><a href=\"https:\/\/nantes-maxillo.com\/la-disjonction-maxillaire-ou-mandibulaire\">Qu&rsquo;est-ce qu&rsquo;une disjonction mandibulaire ou maxillaire?<\/a><\/h3><div class=\"wpb_text_column wpb_content_element  vc_custom_1479568382991\"><div class=\"wpb_wrapper\"><p style=\"text-align: center;\">Quand la croissance est termin\u00e9e, il est n\u00e9cessaire d\u2019associer un traitement \u00e0 l\u2019aide d\u2019un disjoncteur avec un acte chirurgical<\/p><\/div><\/div>\t\t\t\t\t\t<\/div>\n\t\t\t\t<\/div>\n\t\t\t\t<div class=\"elementor-element elementor-element-edda7e9 elementor-widget elementor-widget-image\" data-id=\"edda7e9\" data-element_type=\"widget\" data-widget_type=\"image.default\">\n\t\t\t\t<div class=\"elementor-widget-container\">\n\t\t\t\t\t\t\t\t\t\t\t\t\t<img loading=\"lazy\" decoding=\"async\" width=\"150\" height=\"150\" src=\"https:\/\/nantes-maxillo.com\/preprod\/wp-content\/uploads\/2016\/01\/DisjoncMax-150x150.jpg\" class=\"attachment-thumbnail size-thumbnail wp-image-3722\" alt=\"\" \/>\t\t\t\t\t\t\t\t\t\t\t\t\t<\/div>\n\t\t\t\t<\/div>\n\t\t\t\t\t<\/div>\n\t\t<\/div>\n\t\t\t\t<div class=\"elementor-column elementor-col-25 elementor-top-column elementor-element elementor-element-46d035f\" data-id=\"46d035f\" data-element_type=\"column\">\n\t\t\t<div class=\"elementor-widget-wrap elementor-element-populated\">\n\t\t\t\t\t\t<div class=\"elementor-element elementor-element-e2501a9 elementor-widget elementor-widget-text-editor\" data-id=\"e2501a9\" data-element_type=\"widget\" data-widget_type=\"text-editor.default\">\n\t\t\t\t<div class=\"elementor-widget-container\">\n\t\t\t\t\t\t\t<h3 class=\"vc_custom_heading\" style=\"text-align: center;\"><a href=\"https:\/\/nantes-maxillo.com\/la-chirurgie-du-menton-genioplastie\">Qu&rsquo;est-ce qu&rsquo;une ost\u00e9otomie du menton?<\/a><\/h3><div class=\"wpb_text_column wpb_content_element  vc_custom_1479568255396\"><div class=\"wpb_wrapper\"><p style=\"text-align: center;\"><span class=\"style\" data-mce-mark=\"1\">L\u2019 ost\u00e9otomie du menton (appel\u00e9e \u00ab mentoplastie ou g\u00e9nioplastie\u00a0\u00bb) a pour objectif de rep<\/span><span class=\"style\" data-mce-mark=\"1\">ositionner le menton<\/span><\/p><\/div><\/div>\t\t\t\t\t\t<\/div>\n\t\t\t\t<\/div>\n\t\t\t\t<div class=\"elementor-element elementor-element-bae1aa3 elementor-widget elementor-widget-image\" data-id=\"bae1aa3\" data-element_type=\"widget\" data-widget_type=\"image.default\">\n\t\t\t\t<div class=\"elementor-widget-container\">\n\t\t\t\t\t\t\t\t\t\t\t\t\t<img loading=\"lazy\" decoding=\"async\" width=\"150\" height=\"122\" src=\"https:\/\/nantes-maxillo.com\/preprod\/wp-content\/uploads\/2016\/01\/menton-150x122.jpeg\" class=\"attachment-thumbnail size-thumbnail wp-image-2948\" alt=\"menton\" \/>\t\t\t\t\t\t\t\t\t\t\t\t\t<\/div>\n\t\t\t\t<\/div>\n\t\t\t\t\t<\/div>\n\t\t<\/div>\n\t\t\t\t<div class=\"elementor-column elementor-col-25 elementor-top-column elementor-element elementor-element-31e1ccd\" data-id=\"31e1ccd\" data-element_type=\"column\">\n\t\t\t<div class=\"elementor-widget-wrap elementor-element-populated\">\n\t\t\t\t\t\t<div class=\"elementor-element elementor-element-2464055 elementor-widget elementor-widget-text-editor\" data-id=\"2464055\" data-element_type=\"widget\" data-widget_type=\"text-editor.default\">\n\t\t\t\t<div class=\"elementor-widget-container\">\n\t\t\t\t\t\t\t<h3 class=\"vc_custom_heading\" style=\"text-align: center;\"><a href=\"https:\/\/nantes-maxillo.com\/modifications-du-visage-apres-une-chirurgie-de-la-machoire\">Quelles sont les modifications du visages apr\u00e8s une ost\u00e9otomie?<\/a><\/h3><div class=\"wpb_text_column wpb_content_element  vc_custom_1479568321127\"><div class=\"wpb_wrapper\"><p style=\"text-align: center;\">Une ost\u00e9otomie n\u2019est pas consid\u00e9r\u00e9 comme de la chirurgie esth\u00e9tique. Pourtant, il peut y avoir modifications importantes du visage<\/p><\/div><\/div>\t\t\t\t\t\t<\/div>\n\t\t\t\t<\/div>\n\t\t\t\t<div class=\"elementor-element elementor-element-0a99643 elementor-widget elementor-widget-image\" data-id=\"0a99643\" data-element_type=\"widget\" data-widget_type=\"image.default\">\n\t\t\t\t<div class=\"elementor-widget-container\">\n\t\t\t\t\t\t\t\t\t\t\t\t\t<img loading=\"lazy\" decoding=\"async\" width=\"150\" height=\"150\" src=\"https:\/\/nantes-maxillo.com\/preprod\/wp-content\/uploads\/2016\/02\/olympus-digital-camera-150x150.jpg\" class=\"attachment-thumbnail size-thumbnail wp-image-3210\" alt=\"\" srcset=\"https:\/\/nantes-maxillo.com\/preprod\/wp-content\/uploads\/2016\/02\/olympus-digital-camera-150x150.jpg 150w, https:\/\/nantes-maxillo.com\/preprod\/wp-content\/uploads\/2016\/02\/olympus-digital-camera-300x300.jpg 300w, https:\/\/nantes-maxillo.com\/preprod\/wp-content\/uploads\/2016\/02\/olympus-digital-camera.jpg 600w\" sizes=\"(max-width: 150px) 100vw, 150px\" \/>\t\t\t\t\t\t\t\t\t\t\t\t\t<\/div>\n\t\t\t\t<\/div>\n\t\t\t\t\t<\/div>\n\t\t<\/div>\n\t\t\t\t<div class=\"elementor-column elementor-col-25 elementor-top-column elementor-element elementor-element-5c579ce\" data-id=\"5c579ce\" data-element_type=\"column\">\n\t\t\t<div class=\"elementor-widget-wrap elementor-element-populated\">\n\t\t\t\t\t\t<div class=\"elementor-element elementor-element-ef0e877 elementor-widget elementor-widget-text-editor\" data-id=\"ef0e877\" data-element_type=\"widget\" data-widget_type=\"text-editor.default\">\n\t\t\t\t<div class=\"elementor-widget-container\">\n\t\t\t\t\t\t\t<h3 class=\"vc_custom_heading\" style=\"text-align: center;\"><a href=\"https:\/\/nantes-maxillo.com\/informations-patients\/conseils-dalimentation\">Quelles sont les conseils d&rsquo;alimentation apr\u00e8s une ost\u00e9otomie?<\/a><\/h3><div class=\"wpb_text_column wpb_content_element  vc_custom_1479568335993\"><div class=\"wpb_wrapper\"><p style=\"text-align: center;\">Une ost\u00e9otomie n\u2019est pas consid\u00e9r\u00e9 comme de la chirurgie esth\u00e9tique. Pourtant, il peut y avoir modifications importantes du visage<\/p><\/div><\/div>\t\t\t\t\t\t<\/div>\n\t\t\t\t<\/div>\n\t\t\t\t<div class=\"elementor-element elementor-element-e2d5eca elementor-widget elementor-widget-image\" data-id=\"e2d5eca\" data-element_type=\"widget\" data-widget_type=\"image.default\">\n\t\t\t\t<div class=\"elementor-widget-container\">\n\t\t\t\t\t\t\t\t\t\t\t\t\t<img loading=\"lazy\" decoding=\"async\" width=\"150\" height=\"150\" src=\"https:\/\/nantes-maxillo.com\/preprod\/wp-content\/uploads\/2016\/01\/mixe-cremepat-150x150.jpeg\" class=\"attachment-thumbnail size-thumbnail wp-image-3458\" alt=\"\" \/>\t\t\t\t\t\t\t\t\t\t\t\t\t<\/div>\n\t\t\t\t<\/div>\n\t\t\t\t\t<\/div>\n\t\t<\/div>\n\t\t\t\t\t<\/div>\n\t\t<\/section>\n\t\t\t\t<\/div>\n\t\t","protected":false},"excerpt":{"rendered":"<p>La chirurgie orthognathique (\u00ab\u00a0ortho\u00a0\u00bb droit \u00ab\u00a0gnathique\u00a0\u00bb m\u00e2choire) est une\u00a0chirurgie visant \u00e0 corriger un d\u00e9calage des m\u00e2choires. Elle est n\u00e9cessaire lorsque la croissance squelettique du visage s\u2019est faite de fa\u00e7on non \u00e9quilibr\u00e9e, compromettant la stabilit\u00e9 d\u2019un traitement orthodontique.Un visage s\u2019\u00e9quilibre selon des r\u00e8gles qui ont souvent \u00e9volu\u00e9es, mais peuvent se r\u00e9sumer selon ce sch\u00e9ma ci-dessous. On&hellip;&nbsp;<a href=\"https:\/\/nantes-maxillo.com\/preprod\/generalites-sur-la-chirurgie-orthognathique\/\" class=\"\" rel=\"bookmark\">Lire la suite &raquo;<span class=\"screen-reader-text\">G\u00e9n\u00e9ralit\u00e9s sur la chirurgie orthognathique ?<\/span><\/a><\/p>\n","protected":false},"author":1,"featured_media":0,"parent":0,"menu_order":0,"comment_status":"closed","ping_status":"closed","template":"","meta":{"neve_meta_sidebar":"","neve_meta_container":"","neve_meta_enable_content_width":"","neve_meta_content_width":0,"neve_meta_title_alignment":"","neve_meta_author_avatar":"","neve_post_elements_order":"","neve_meta_disable_header":"","neve_meta_disable_footer":"","neve_meta_disable_title":"","_themeisle_gutenberg_block_has_review":false,"_ti_tpc_template_sync":false,"_ti_tpc_template_id":"","footnotes":""},"class_list":["post-2910","page","type-page","status-publish","hentry"],"_links":{"self":[{"href":"https:\/\/nantes-maxillo.com\/preprod\/wp-json\/wp\/v2\/pages\/2910","targetHints":{"allow":["GET"]}}],"collection":[{"href":"https:\/\/nantes-maxillo.com\/preprod\/wp-json\/wp\/v2\/pages"}],"about":[{"href":"https:\/\/nantes-maxillo.com\/preprod\/wp-json\/wp\/v2\/types\/page"}],"author":[{"embeddable":true,"href":"https:\/\/nantes-maxillo.com\/preprod\/wp-json\/wp\/v2\/users\/1"}],"replies":[{"embeddable":true,"href":"https:\/\/nantes-maxillo.com\/preprod\/wp-json\/wp\/v2\/comments?post=2910"}],"version-history":[{"count":1,"href":"https:\/\/nantes-maxillo.com\/preprod\/wp-json\/wp\/v2\/pages\/2910\/revisions"}],"predecessor-version":[{"id":5080,"href":"https:\/\/nantes-maxillo.com\/preprod\/wp-json\/wp\/v2\/pages\/2910\/revisions\/5080"}],"wp:attachment":[{"href":"https:\/\/nantes-maxillo.com\/preprod\/wp-json\/wp\/v2\/media?parent=2910"}],"curies":[{"name":"wp","href":"https:\/\/api.w.org\/{rel}","templated":true}]}}